{"id":2649,"date":"2015-12-19T00:13:33","date_gmt":"2015-12-18T23:13:33","guid":{"rendered":"http:\/\/www.culture-numerique.fr\/?page_id=2649"},"modified":"2015-12-23T00:48:39","modified_gmt":"2015-12-22T23:48:39","slug":"tous-les-articles","status":"publish","type":"page","link":"https:\/\/www.culture-numerique.fr\/?page_id=2649","title":{"rendered":"Tous les articles"},"content":{"rendered":"<p><a href=\"http:\/\/www.culture-numerique.fr\/wp-content\/uploads\/2015\/02\/15636258562_1e588063b5_n.jpg\"><img loading=\"lazy\" decoding=\"async\" class=\"size-full wp-image-2651 alignright\" src=\"http:\/\/www.culture-numerique.fr\/wp-content\/uploads\/2015\/02\/15636258562_1e588063b5_n.jpg\" alt=\"Biblioth\u00e8que\" width=\"240\" height=\"320\" srcset=\"https:\/\/www.culture-numerique.fr\/wp-content\/uploads\/2015\/02\/15636258562_1e588063b5_n.jpg 240w, https:\/\/www.culture-numerique.fr\/wp-content\/uploads\/2015\/02\/15636258562_1e588063b5_n-225x300.jpg 225w, https:\/\/www.culture-numerique.fr\/wp-content\/uploads\/2015\/02\/15636258562_1e588063b5_n-100x133.jpg 100w, https:\/\/www.culture-numerique.fr\/wp-content\/uploads\/2015\/02\/15636258562_1e588063b5_n-150x200.jpg 150w, https:\/\/www.culture-numerique.fr\/wp-content\/uploads\/2015\/02\/15636258562_1e588063b5_n-200x267.jpg 200w\" sizes=\"auto, (max-width: 240px) 100vw, 240px\" \/><\/a><\/p>\n<div id=\"smart-archives-list\">\n\t<h2 id=\"20236\"><a href=\"https:\/\/www.culture-numerique.fr\/?m=202306\">juin 2023<\/a><\/h2>\n\t<ul class=\"archive-list\">\n\t\t<li><a href=\"https:\/\/www.culture-numerique.fr\/?p=8252\">Mal nommer les choses, c\u2019est ajouter au malheur du monde\u2026<\/a> 12 juin 2023<\/li>\n\n\t<\/ul>\n\t<h2 id=\"202212\"><a href=\"https:\/\/www.culture-numerique.fr\/?m=202212\">d&eacute;cembre 2022<\/a><\/h2>\n\t<ul class=\"archive-list\">\n\t\t<li><a href=\"https:\/\/www.culture-numerique.fr\/?p=8226\">Le retour \u00e0 la chignole ? Ou comment rater encore la modernisation du service public de l\u2019\u00c9ducation nationale, \u00e9pisode 123 (un record du monde)<\/a> 10 d\u00e9cembre 2022<\/li>\n\n\t<\/ul>\n\t<h2 id=\"20204\"><a href=\"https:\/\/www.culture-numerique.fr\/?m=202004\">avril 2020<\/a><\/h2>\n\t<ul class=\"archive-list\">\n\t\t<li><a href=\"https:\/\/www.culture-numerique.fr\/?p=8122\">Pendant le confinement, d\u00e9grenellisons, il en restera toujours quelque chose pour le monde d'apr\u00e8s\u2026<\/a> 25 avril 2020<\/li>\n\n\t<\/ul>\n\t<h2 id=\"20201\"><a href=\"https:\/\/www.culture-numerique.fr\/?m=202001\">janvier 2020<\/a><\/h2>\n\t<ul class=\"archive-list\">\n\t\t<li><a href=\"https:\/\/www.culture-numerique.fr\/?p=8045\">15 ans apr\u00e8s, les ados des skyblogs sont devenus des salari\u00e9s du Slip fran\u00e7ais\u2026 ou des m\u00e9decins<\/a> 20 janvier 2020<\/li>\n\n\t<\/ul>\n\t<h2 id=\"201911\"><a href=\"https:\/\/www.culture-numerique.fr\/?m=201911\">novembre 2019<\/a><\/h2>\n\t<ul class=\"archive-list\">\n\t\t<li><a href=\"https:\/\/www.culture-numerique.fr\/?p=8032\">25 ans plus tard\u2026 ou \u00ab\u00a0de l\u2019impossibilit\u00e9 de g\u00e9n\u00e9raliser l\u2019innovation \u00e0 l\u2019\u00c9cole\u00a0\u00bb<\/a> 16 novembre 2019<\/li>\n\n\t<\/ul>\n\t<h2 id=\"20196\"><a href=\"https:\/\/www.culture-numerique.fr\/?m=201906\">juin 2019<\/a><\/h2>\n\t<ul class=\"archive-list\">\n\t\t<li><a href=\"https:\/\/www.culture-numerique.fr\/?p=7915\">Num\u00e9rique \u00e9ducatif\u00a0: quand tout va vraiment trop vite pour tout le monde (moi y compris)<\/a> 11 juin 2019<\/li>\n\n\t<\/ul>\n\t<h2 id=\"20191\"><a href=\"https:\/\/www.culture-numerique.fr\/?m=201901\">janvier 2019<\/a><\/h2>\n\t<ul class=\"archive-list\">\n\t\t<li><a href=\"https:\/\/www.culture-numerique.fr\/?p=7831\">L'embellie se fait plut\u00f4t rare, ces temps-ci, dans la cit\u00e9 num\u00e9rique\u2026<\/a> 9 janvier 2019<\/li>\n\n\t<\/ul>\n\t<h2 id=\"201811\"><a href=\"https:\/\/www.culture-numerique.fr\/?m=201811\">novembre 2018<\/a><\/h2>\n\t<ul class=\"archive-list\">\n\t\t<li><a href=\"https:\/\/www.culture-numerique.fr\/?p=7772\">\u00ab\u00a0Du bon usage du num\u00e9rique\u00a0\u00bb, un sujet d'adultes d\u00e9sempar\u00e9s<\/a> 5 novembre 2018<\/li>\n\n\t<\/ul>\n\t<h2 id=\"201810\"><a href=\"https:\/\/www.culture-numerique.fr\/?m=201810\">octobre 2018<\/a><\/h2>\n\t<ul class=\"archive-list\">\n\t\t<li><a href=\"https:\/\/www.culture-numerique.fr\/?p=7734\">Loin des Lumi\u00e8res num\u00e9riques, quand la recherche est en pleine panique morale<\/a> 10 octobre 2018<\/li>\n\n\t<\/ul>\n\t<h2 id=\"20188\"><a href=\"https:\/\/www.culture-numerique.fr\/?m=201808\">ao&ucirc;t 2018<\/a><\/h2>\n\t<ul class=\"archive-list\">\n\t\t<li><a href=\"https:\/\/www.culture-numerique.fr\/?p=7692\">\u00c0 la buvette, pendant la canicule, entre br\u00e8ves de comptoirs, lieux communs et clich\u00e9s \u00e9cul\u00e9s\u00a0: floril\u00e8ge d\u00e9raisonnable<\/a> 17 ao\u00fbt 2018<\/li>\n\n\t<\/ul>\n\t<h2 id=\"20187\"><a href=\"https:\/\/www.culture-numerique.fr\/?m=201807\">juillet 2018<\/a><\/h2>\n\t<ul class=\"archive-list\">\n\t\t<li><a href=\"https:\/\/www.culture-numerique.fr\/?p=7653\">Onques ne vit si mis\u00e9rable engeance qui prohiba, interdit, d\u00e9fendit, cloua au pilori\u00a0!<\/a> 30 juillet 2018<\/li>\n\n\t<\/ul>\n\t<h2 id=\"20186\"><a href=\"https:\/\/www.culture-numerique.fr\/?m=201806\">juin 2018<\/a><\/h2>\n\t<ul class=\"archive-list\">\n\t\t<li><a href=\"https:\/\/www.culture-numerique.fr\/?p=7593\">Le num\u00e9rique, comme paysage et culture, n'appartient en propre \u00e0 personne, et surtout pas aux informaticiens<\/a> 21 juin 2018<\/li>\n\n\t<\/ul>\n\t<h2 id=\"20185\"><a href=\"https:\/\/www.culture-numerique.fr\/?m=201805\">mai 2018<\/a><\/h2>\n\t<ul class=\"archive-list\">\n\t\t<li><a href=\"https:\/\/www.culture-numerique.fr\/?p=7522\">Chronique de la censure ordinaire en milieu \u00e9ducatif, 4 ans apr\u00e8s\u00a0: une absurdit\u00e9 culturelle et \u00e9thique\u2026<\/a> 14 mai 2018<\/li>\n\n\t<\/ul>\n\t<h2 id=\"20183\"><a href=\"https:\/\/www.culture-numerique.fr\/?m=201803\">mars 2018<\/a><\/h2>\n\t<ul class=\"archive-list\">\n\t\t<li><a href=\"https:\/\/www.culture-numerique.fr\/?p=7490\">Du naufrage de l'action publique en mati\u00e8re d'\u00e9ducation dans l'\u00e9cole num\u00e9rique<\/a> 26 mars 2018<\/li>\n\n\t<\/ul>\n\t<h2 id=\"20182\"><a href=\"https:\/\/www.culture-numerique.fr\/?m=201802\">f&eacute;vrier 2018<\/a><\/h2>\n\t<ul class=\"archive-list\">\n\t\t<li><a href=\"https:\/\/www.culture-numerique.fr\/?p=7444\">Et si l'innovation se trouvait dans la remise en cause de la posture magistrale\u00a0?<\/a> 13 f\u00e9vrier 2018<\/li>\n\n\t<\/ul>\n\t<h2 id=\"20181\"><a href=\"https:\/\/www.culture-numerique.fr\/?m=201801\">janvier 2018<\/a><\/h2>\n\t<ul class=\"archive-list\">\n\t\t<li><a href=\"https:\/\/www.culture-numerique.fr\/?p=7393\">2018, l'ann\u00e9e de l'\u00e9thique et de la libert\u00e9 d'expression\u00a0?<\/a> 9 janvier 2018<\/li>\n\n\t<\/ul>\n\t<h2 id=\"201712\"><a href=\"https:\/\/www.culture-numerique.fr\/?m=201712\">d&eacute;cembre 2017<\/a><\/h2>\n\t<ul class=\"archive-list\">\n\t\t<li><a href=\"https:\/\/www.culture-numerique.fr\/?p=6286\">\u00c9duquer aux m\u00e9dias\u00a0: de censure en interdits, le dialogue avec les \u00e9l\u00e8ves est bien difficile<\/a> 16 d\u00e9cembre 2017<\/li>\n\n\t<\/ul>\n\t<h2 id=\"201711\"><a href=\"https:\/\/www.culture-numerique.fr\/?m=201711\">novembre 2017<\/a><\/h2>\n\t<ul class=\"archive-list\">\n\t\t<li><a href=\"https:\/\/www.culture-numerique.fr\/?p=6325\">Exclusif\u00a0: on peut aimer tr\u00e8s tr\u00e8s fort un rapport de l'inspection g\u00e9n\u00e9rale<\/a> 29 novembre 2017<\/li>\n<li><a href=\"https:\/\/www.culture-numerique.fr\/?p=6293\">Fouilles, d\u00e9tecteurs, brouilleurs, cam\u00e9ras, portiques, r\u00e9pression\u2026 l'\u00e9cole entre dans ce nouveau mill\u00e9naire<\/a> 10 novembre 2017<\/li>\n\n\t<\/ul>\n\t<h2 id=\"20179\"><a href=\"https:\/\/www.culture-numerique.fr\/?m=201709\">septembre 2017<\/a><\/h2>\n\t<ul class=\"archive-list\">\n\t\t<li><a href=\"https:\/\/www.culture-numerique.fr\/?p=6210\">Des nouvelles toutes fra\u00eeches de l'\u00e9cole des Lumi\u00e8res<\/a> 22 septembre 2017<\/li>\n\n\t<\/ul>\n\t<h2 id=\"20178\"><a href=\"https:\/\/www.culture-numerique.fr\/?m=201708\">ao&ucirc;t 2017<\/a><\/h2>\n\t<ul class=\"archive-list\">\n\t\t<li><a href=\"https:\/\/www.culture-numerique.fr\/?p=6189\">#Ludovia14 Partages, \u00e9changes, contributions et\u2026 impressions<\/a> 31 ao\u00fbt 2017<\/li>\n\n\t<\/ul>\n\t<h2 id=\"20177\"><a href=\"https:\/\/www.culture-numerique.fr\/?m=201707\">juillet 2017<\/a><\/h2>\n\t<ul class=\"archive-list\">\n\t\t<li><a href=\"https:\/\/www.culture-numerique.fr\/?p=6139\">En finir avec l'incantation des usages responsables\u00a0! D\u00e9finitivement\u2026<\/a> 20 juillet 2017<\/li>\n\n\t<\/ul>\n\t<h2 id=\"20176\"><a href=\"https:\/\/www.culture-numerique.fr\/?m=201706\">juin 2017<\/a><\/h2>\n\t<ul class=\"archive-list\">\n\t\t<li><a href=\"https:\/\/www.culture-numerique.fr\/?p=6102\">Petites suggestions pour restaurer l'autorit\u00e9 du chef de l'\u00c9tat en Conseil des ministres<\/a> 25 juin 2017<\/li>\n<li><a href=\"https:\/\/www.culture-numerique.fr\/?p=6078\">De la fin des experts \u00e0 une multi-expertise qui fout les jetons\u2026<\/a> 20 juin 2017<\/li>\n<li><a href=\"https:\/\/www.culture-numerique.fr\/?p=6062\">Enjeux sociaux et citoyens du num\u00e9rique<\/a> 1 juin 2017<\/li>\n\n\t<\/ul>\n\t<h2 id=\"20175\"><a href=\"https:\/\/www.culture-numerique.fr\/?m=201705\">mai 2017<\/a><\/h2>\n\t<ul class=\"archive-list\">\n\t\t<li><a href=\"https:\/\/www.culture-numerique.fr\/?p=6048\">Les devoirs apr\u00e8s la classe \u00e0 l'\u00e9cole ou \u00e0 la maison\u00a0: un d\u00e9bat anachronique<\/a> 29 mai 2017<\/li>\n<li><a href=\"https:\/\/www.culture-numerique.fr\/?p=6022\">Du regain de l'\u00e9pid\u00e9mie de c\u00e9cit\u00e9 en p\u00e9riode post-\u00e9lectorale<\/a> 10 mai 2017<\/li>\n\n\t<\/ul>\n\t<h2 id=\"20174\"><a href=\"https:\/\/www.culture-numerique.fr\/?m=201704\">avril 2017<\/a><\/h2>\n\t<ul class=\"archive-list\">\n\t\t<li><a href=\"https:\/\/www.culture-numerique.fr\/?p=5990\">De la recrudescence des cas de c\u00e9cit\u00e9 en p\u00e9riode \u00e9lectorale<\/a> 21 avril 2017<\/li>\n<li><a href=\"https:\/\/www.culture-numerique.fr\/?p=5947\">Pour un num\u00e9rique humaniste, social et culturel<\/a> 6 avril 2017<\/li>\n\n\t<\/ul>\n\t<h2 id=\"20173\"><a href=\"https:\/\/www.culture-numerique.fr\/?m=201703\">mars 2017<\/a><\/h2>\n\t<ul class=\"archive-list\">\n\t\t<li><a href=\"https:\/\/www.culture-numerique.fr\/?p=5931\">Exercer sa raison, faire preuve de bienveillance, avoir et faire confiance\u2026<\/a> 28 mars 2017<\/li>\n<li><a href=\"https:\/\/www.culture-numerique.fr\/?p=5907\">\u00c9ducation au num\u00e9rique\u00a0: quand les gendarmes, les policiers et les assureurs font la loi\u2026<\/a> 22 mars 2017<\/li>\n<li><a href=\"https:\/\/www.culture-numerique.fr\/?p=5875\">\u00c9cole num\u00e9rique\u00a0: naufrage \u00e0 l'horizon\u2026<\/a> 3 mars 2017<\/li>\n\n\t<\/ul>\n\t<h2 id=\"20172\"><a href=\"https:\/\/www.culture-numerique.fr\/?m=201702\">f&eacute;vrier 2017<\/a><\/h2>\n\t<ul class=\"archive-list\">\n\t\t<li><a href=\"https:\/\/www.culture-numerique.fr\/?p=5832\">L'irr\u00e9sistible et frileuse tentation des replis sur soi num\u00e9riques<\/a> 21 f\u00e9vrier 2017<\/li>\n<li><a href=\"https:\/\/www.culture-numerique.fr\/?p=5809\">S'exprimer, une libert\u00e9 qui cesse aujourd'hui d'\u00eatre virtuelle<\/a> 4 f\u00e9vrier 2017<\/li>\n\n\t<\/ul>\n\t<h2 id=\"20171\"><a href=\"https:\/\/www.culture-numerique.fr\/?m=201701\">janvier 2017<\/a><\/h2>\n\t<ul class=\"archive-list\">\n\t\t<li><a href=\"https:\/\/www.culture-numerique.fr\/?p=5785\">2017\u2026 et toujours pas de plateforme \u00e9ducative pour publier\u2026<\/a> 23 janvier 2017<\/li>\n<li><a href=\"https:\/\/www.culture-numerique.fr\/?p=5773\">Meilleurs v\u0153ux pour 2017\u00a0!<\/a> 2 janvier 2017<\/li>\n\n\t<\/ul>\n\t<h2 id=\"201612\"><a href=\"https:\/\/www.culture-numerique.fr\/?m=201612\">d&eacute;cembre 2016<\/a><\/h2>\n\t<ul class=\"archive-list\">\n\t\t<li><a href=\"https:\/\/www.culture-numerique.fr\/?p=5721\">Et si chaque journ\u00e9e de classe commen\u00e7ait par 1\u00a0heure de revue de presse\u00a0?<\/a> 22 d\u00e9cembre 2016<\/li>\n<li><a href=\"https:\/\/www.culture-numerique.fr\/?p=5705\">Petit glossaire raisonn\u00e9 \u00e0 l'usage des cadres et des \u00e9lus qui osent causer du num\u00e9rique<\/a> 19 d\u00e9cembre 2016<\/li>\n<li><a href=\"https:\/\/www.culture-numerique.fr\/?p=5453\">Le num\u00e9rique \u00e9ducatif entre ombre et lumi\u00e8re<\/a> 16 d\u00e9cembre 2016<\/li>\n<li><a href=\"https:\/\/www.culture-numerique.fr\/?p=5369\">La d\u00e9mocratie scolaire entre archa\u00efsmes et avanc\u00e9es\u2026<\/a> 12 d\u00e9cembre 2016<\/li>\n\n\t<\/ul>\n\t<h2 id=\"201611\"><a href=\"https:\/\/www.culture-numerique.fr\/?m=201611\">novembre 2016<\/a><\/h2>\n\t<ul class=\"archive-list\">\n\t\t<li><a href=\"https:\/\/www.culture-numerique.fr\/?p=5598\">\u00c9cole et num\u00e9rique\u00a0: mais\u2026 \u00e0 quoi peuvent donc bien servir les inspecteurs\u00a0?<\/a> 16 novembre 2016<\/li>\n<li><a href=\"https:\/\/www.culture-numerique.fr\/?p=5488\">Formation\u00a0: du solutionnisme simpliste des \u00e9lites suppos\u00e9es au d\u00e9sarroi des pionniers<\/a> 7 novembre 2016<\/li>\n\n\t<\/ul>\n\t<h2 id=\"201610\"><a href=\"https:\/\/www.culture-numerique.fr\/?m=201610\">octobre 2016<\/a><\/h2>\n\t<ul class=\"archive-list\">\n\t\t<li><a href=\"https:\/\/www.culture-numerique.fr\/?p=5513\">Quand le minist\u00e8re vous explique sans rire qu'il est possible de faire le choix du num\u00e9rique\u2026<\/a> 31 octobre 2016<\/li>\n<li><a href=\"https:\/\/www.culture-numerique.fr\/?p=5380\">Mon manuel scolaire num\u00e9rique id\u00e9al est vide\u2026 ou presque<\/a> 11 octobre 2016<\/li>\n\n\t<\/ul>\n\t<h2 id=\"20169\"><a href=\"https:\/\/www.culture-numerique.fr\/?m=201609\">septembre 2016<\/a><\/h2>\n\t<ul class=\"archive-list\">\n\t\t<li><a href=\"https:\/\/www.culture-numerique.fr\/?p=5296\">Le num\u00e9rique pour l'\u00e9cole entre illettrisme et erreurs historiques des politiques<\/a> 13 septembre 2016<\/li>\n<li><a href=\"https:\/\/www.culture-numerique.fr\/?p=5260\">Penser ne peut pas \u00eatre une comp\u00e9tence fondamentale, alors que publier le devient<\/a> 1 septembre 2016<\/li>\n\n\t<\/ul>\n\t<h2 id=\"20167\"><a href=\"https:\/\/www.culture-numerique.fr\/?m=201607\">juillet 2016<\/a><\/h2>\n\t<ul class=\"archive-list\">\n\t\t<li><a href=\"https:\/\/www.culture-numerique.fr\/?p=5079\">Quand l'\u00e9cole est sur la voie du Brexit\u2026<\/a> 28 juillet 2016<\/li>\n<li><a href=\"https:\/\/www.culture-numerique.fr\/?p=5146\">Vers un label pour une information d'\u00c9tat\u00a0?<\/a> 11 juillet 2016<\/li>\n\n\t<\/ul>\n\t<h2 id=\"20166\"><a href=\"https:\/\/www.culture-numerique.fr\/?m=201606\">juin 2016<\/a><\/h2>\n\t<ul class=\"archive-list\">\n\t\t<li><a href=\"https:\/\/www.culture-numerique.fr\/?p=5070\">Periscope\u00a0: un cheval de Troie ou une chance pour l'\u00e9cole\u00a0?<\/a> 25 juin 2016<\/li>\n<li><a href=\"https:\/\/www.culture-numerique.fr\/?p=5043\">En attendant, non, l'\u00e9cole num\u00e9rique, \u00e7a n'existe pas\u00a0!<\/a> 21 juin 2016<\/li>\n<li><a href=\"https:\/\/www.culture-numerique.fr\/?p=5019\">\u00ab\u00a0Sortir de cette logique d'usage et engager les jeunes \u00e0 \u00eatre des acteurs d'Internet\u00a0\u00bb<\/a> 13 juin 2016<\/li>\n\n\t<\/ul>\n\t<h2 id=\"20165\"><a href=\"https:\/\/www.culture-numerique.fr\/?m=201605\">mai 2016<\/a><\/h2>\n\t<ul class=\"archive-list\">\n\t\t<li><a href=\"https:\/\/www.culture-numerique.fr\/?p=4991\">Et si on coupait Internet pour de bon pendant le mois de juin\u00a0?<\/a> 19 mai 2016<\/li>\n<li><a href=\"https:\/\/www.culture-numerique.fr\/?p=4959\">Num\u00e9rique, indemnit\u00e9s, breloques et colifichets<\/a> 10 mai 2016<\/li>\n<li><a href=\"https:\/\/www.culture-numerique.fr\/?p=4927\">Num\u00e9rique \u00e9ducatif\u00a0: tout plan est vou\u00e9 \u00e0 l'\u00e9chec<\/a> 2 mai 2016<\/li>\n\n\t<\/ul>\n\t<h2 id=\"20164\"><a href=\"https:\/\/www.culture-numerique.fr\/?m=201604\">avril 2016<\/a><\/h2>\n\t<ul class=\"archive-list\">\n\t\t<li><a href=\"https:\/\/www.culture-numerique.fr\/?p=4882\">Internet responsable\u00a0: l'irresponsabilit\u00e9 n'est d\u00e9cid\u00e9ment pas l\u00e0 o\u00f9 on la croit<\/a> 5 avril 2016<\/li>\n\n\t<\/ul>\n\t<h2 id=\"20163\"><a href=\"https:\/\/www.culture-numerique.fr\/?m=201603\">mars 2016<\/a><\/h2>\n\t<ul class=\"archive-list\">\n\t\t<li><a href=\"https:\/\/www.culture-numerique.fr\/?p=4804\">\u00c9duquer aux m\u00e9dias, certes, mais aux seuls m\u00e9dias valid\u00e9s par l'institution<\/a> 25 mars 2016<\/li>\n<li><a href=\"https:\/\/www.culture-numerique.fr\/?p=4771\">\u00ab\u00a0D\u00e9ployer le num\u00e9rique \u00e0 l'\u00e9cole\u00a0\u00bb ne veut rien dire, tout simplement<\/a> 15 mars 2016<\/li>\n<li><a href=\"https:\/\/www.culture-numerique.fr\/?p=4723\">4 bonnes petites id\u00e9es toutes simples pour \u00ab\u00a0installer des bastions d\u00e9num\u00e9ris\u00e9s dans l'\u00e9cole\u00a0\u00bb<\/a> 5 mars 2016<\/li>\n\n\t<\/ul>\n\t<h2 id=\"20162\"><a href=\"https:\/\/www.culture-numerique.fr\/?m=201602\">f&eacute;vrier 2016<\/a><\/h2>\n\t<ul class=\"archive-list\">\n\t\t<li><a href=\"https:\/\/www.culture-numerique.fr\/?p=4699\">Serge Aurier, un grand enfant de l'\u00e9cole de France<\/a> 24 f\u00e9vrier 2016<\/li>\n<li><a href=\"https:\/\/www.culture-numerique.fr\/?p=4665\">Num\u00e9rique\u00a0: quand personne ne parle de la m\u00eame chose\u2026 et c'est \u00e9reintant\u00a0!<\/a> 15 f\u00e9vrier 2016<\/li>\n<li><a href=\"https:\/\/www.culture-numerique.fr\/?p=4582\">La classe invers\u00e9e, un mod\u00e8le \u00e0 suivre pour l'\u00e9cole num\u00e9rique\u00a0? Pas certain\u2026<\/a> 5 f\u00e9vrier 2016<\/li>\n<li><a href=\"https:\/\/www.culture-numerique.fr\/?p=4595\">Dis, papa, le num\u00e9rique, c'est quoi l'id\u00e9e\u00a0?<\/a> 2 f\u00e9vrier 2016<\/li>\n\n\t<\/ul>\n\t<h2 id=\"20161\"><a href=\"https:\/\/www.culture-numerique.fr\/?m=201601\">janvier 2016<\/a><\/h2>\n\t<ul class=\"archive-list\">\n\t\t<li><a href=\"https:\/\/www.culture-numerique.fr\/?p=4542\">Parler d'outillage num\u00e9rique ne peut faire de mal \u00e0 personne, et surtout pas \u00e0 l'\u00e9ducation<\/a> 19 janvier 2016<\/li>\n<li><a href=\"https:\/\/www.culture-numerique.fr\/?p=4524\">Le plan num\u00e9rique ne s\u2019accompagne d\u2019aucune transformation de l\u2019\u00e9cole<\/a> 11 janvier 2016<\/li>\n\n\t<\/ul>\n\t<h2 id=\"201512\"><a href=\"https:\/\/www.culture-numerique.fr\/?m=201512\">d&eacute;cembre 2015<\/a><\/h2>\n\t<ul class=\"archive-list\">\n\t\t<li><a href=\"https:\/\/www.culture-numerique.fr\/?p=4227\">Tendances pour l'\u00e9ducation\u00a0: les 5 annonces que le minist\u00e8re ne fera pas en 2016<\/a> 31 d\u00e9cembre 2015<\/li>\n<li><a href=\"https:\/\/www.culture-numerique.fr\/?p=4371\">Id\u00e9e de cadeau pour No\u00ebl\u00a0: offrez une laisse \u00e0 vos enfants<\/a> 19 d\u00e9cembre 2015<\/li>\n<li><a href=\"https:\/\/www.culture-numerique.fr\/?p=4224\">Changer l'\u00e9ducation pour vivre ensemble la soci\u00e9t\u00e9 num\u00e9rique<\/a> 15 d\u00e9cembre 2015<\/li>\n<li><a href=\"https:\/\/www.culture-numerique.fr\/?p=4307\">L'\u00e9cole num\u00e9rique est bien dans la seule poche de ses \u00e9l\u00e8ves<\/a> 4 d\u00e9cembre 2015<\/li>\n\n\t<\/ul>\n\t<h2 id=\"201511\"><a href=\"https:\/\/www.culture-numerique.fr\/?m=201511\">novembre 2015<\/a><\/h2>\n\t<ul class=\"archive-list\">\n\t\t<li><a href=\"https:\/\/www.culture-numerique.fr\/?p=4247\">Recrudescence de minit\u00e9lite aigu\u00eb pour l'acc\u00e8s aux ressources num\u00e9riques<\/a> 25 novembre 2015<\/li>\n<li><a href=\"https:\/\/www.culture-numerique.fr\/?p=4241\">Deux ou trois nuances de spleen<\/a> 16 novembre 2015<\/li>\n<li><a href=\"https:\/\/www.culture-numerique.fr\/?p=4176\">5 bonnes raisons de croire que l'immobilisme continue sa marche vers l'avant<\/a> 3 novembre 2015<\/li>\n\n\t<\/ul>\n\t<h2 id=\"201510\"><a href=\"https:\/\/www.culture-numerique.fr\/?m=201510\">octobre 2015<\/a><\/h2>\n\t<ul class=\"archive-list\">\n\t\t<li><a href=\"https:\/\/www.culture-numerique.fr\/?p=4154\">Apprendre \u00e0 publier \u00e0 10 ans, n'est-ce pas trop t\u00f4t ?<\/a> 29 octobre 2015<\/li>\n<li><a href=\"https:\/\/www.culture-numerique.fr\/?p=4137\">Ivre, il laisse ses \u00e9l\u00e8ves se servir de leurs smartphones\u00a0!<\/a> 21 octobre 2015<\/li>\n<li><a href=\"https:\/\/www.culture-numerique.fr\/?p=4099\">\u00c9cole num\u00e9rique\u00a0: obscurantismes \u00e0 tous les \u00e9tages\u00a0!<\/a> 19 octobre 2015<\/li>\n<li><a href=\"https:\/\/www.culture-numerique.fr\/?p=4077\">Instituer un droit pour chaque jeune citoyen d\u2019acc\u00e9der \u00e0 la litt\u00e9ratie num\u00e9rique<\/a> 12 octobre 2015<\/li>\n\n\t<\/ul>\n\t<h2 id=\"20159\"><a href=\"https:\/\/www.culture-numerique.fr\/?m=201509\">septembre 2015<\/a><\/h2>\n\t<ul class=\"archive-list\">\n\t\t<li><a href=\"https:\/\/www.culture-numerique.fr\/?p=4037\">Quelques \u00e9l\u00e9ments pour une argumentation \u00e0 l'usage des contempteurs du num\u00e9rique<\/a> 29 septembre 2015<\/li>\n<li><a href=\"https:\/\/www.culture-numerique.fr\/?p=3692\">Former les profs au num\u00e9rique\u00a0? Oui, mais en laissant tomber les vieilles m\u00e9thodes et les vieux habits\u2026<\/a> 19 septembre 2015<\/li>\n<li><a href=\"https:\/\/www.culture-numerique.fr\/?p=3807\">Trouver l\u2019information pertinente, la comprendre pour la r\u00e9investir dans une production personnelle ou collective<\/a> 10 septembre 2015<\/li>\n<li><a href=\"https:\/\/www.culture-numerique.fr\/?p=3787\">Changement de t\u00eate \u00e0 la Direction du Num\u00e9rique pour l'\u00c9ducation\u00a0: faut-il s'en inqui\u00e9ter\u00a0?<\/a> 9 septembre 2015<\/li>\n<li><a href=\"https:\/\/www.culture-numerique.fr\/?p=3699\">Suzanne entre \u00e0 l'\u00e9cole, laquelle est cens\u00e9e entrer dans l'\u00e8re num\u00e9rique<\/a> 2 septembre 2015<\/li>\n\n\t<\/ul>\n\t<h2 id=\"20158\"><a href=\"https:\/\/www.culture-numerique.fr\/?m=201508\">ao&ucirc;t 2015<\/a><\/h2>\n\t<ul class=\"archive-list\">\n\t\t<li><a href=\"https:\/\/www.culture-numerique.fr\/?p=3405\">Partager le num\u00e9rique et le d\u00e9tourner, cela va de soi #ludovia12<\/a> 3 ao\u00fbt 2015<\/li>\n\n\t<\/ul>\n\t<h2 id=\"20157\"><a href=\"https:\/\/www.culture-numerique.fr\/?m=201507\">juillet 2015<\/a><\/h2>\n\t<ul class=\"archive-list\">\n\t\t<li><a href=\"https:\/\/www.culture-numerique.fr\/?p=3581\">Du fantasme d'un Internet de l'entre-soi au plaisant effet de la bo\u00eete \u00e0 plonk<\/a> 29 juillet 2015<\/li>\n<li><a href=\"https:\/\/www.culture-numerique.fr\/?p=3603\">Zimmermann avait raison et c'est une catastrophe pour l'\u00e9ducation<\/a> 24 juillet 2015<\/li>\n<li><a href=\"https:\/\/www.culture-numerique.fr\/?p=3549\">Mobiliser pour de bon l'attention des \u00e9l\u00e8ves, un d\u00e9fi pour l'\u00e9cole d'aujourd'hui<\/a> 22 juillet 2015<\/li>\n<li><a href=\"https:\/\/www.culture-numerique.fr\/?p=3491\">Selon une \u00e9tude tr\u00e8s inqui\u00e9tante, le niveau baisse (au parlement)<\/a> 11 juillet 2015<\/li>\n<li><a href=\"https:\/\/www.culture-numerique.fr\/?p=3446\">Le baccalaur\u00e9at se termine\u00a0par une terrible revue de presse<\/a> 8 juillet 2015<\/li>\n\n\t<\/ul>\n\t<h2 id=\"20156\"><a href=\"https:\/\/www.culture-numerique.fr\/?m=201506\">juin 2015<\/a><\/h2>\n\t<ul class=\"archive-list\">\n\t\t<li><a href=\"https:\/\/www.culture-numerique.fr\/?p=3418\">Le r\u00eave fou d'un num\u00e9rique \u00e9ducatif d\u00e9connect\u00e9 d'Internet\u00a0!<\/a> 20 juin 2015<\/li>\n<li><a href=\"https:\/\/www.culture-numerique.fr\/?p=3380\">Apprendre aux plus jeunes \u00e0 devenir des acteurs autonomes et responsables du num\u00e9rique<\/a> 15 juin 2015<\/li>\n<li><a href=\"https:\/\/www.culture-numerique.fr\/?p=3325\">Libert\u00e9 d'expression\u00a0: faut-il encore faire confiance aux jeunes pour la d\u00e9fendre \u00a0?<\/a> 8 juin 2015<\/li>\n\n\t<\/ul>\n\t<h2 id=\"20155\"><a href=\"https:\/\/www.culture-numerique.fr\/?m=201505\">mai 2015<\/a><\/h2>\n\t<ul class=\"archive-list\">\n\t\t<li><a href=\"https:\/\/www.culture-numerique.fr\/?p=3297\">Avec le num\u00e9rique, tout se partage, surtout l'\u00e9ducation aux m\u00e9dias et \u00e0 l'information<\/a> 31 mai 2015<\/li>\n<li><a href=\"https:\/\/www.culture-numerique.fr\/?p=3207\">Les 31 nouveaux d\u00e9fis pour le coll\u00e8ge, mais aussi pour l'\u00c9cole et l'Universit\u00e9<\/a> 23 mai 2015<\/li>\n<li><a href=\"https:\/\/www.culture-numerique.fr\/?p=3167\">Les nouveaux inquisiteurs des autodaf\u00e9s num\u00e9riques<\/a> 18 mai 2015<\/li>\n<li><a href=\"https:\/\/www.culture-numerique.fr\/?p=3109\">Changer l'\u00e9cole avec le num\u00e9rique\u00a0: d'une belle tautologie aux ellipses<\/a> 10 mai 2015<\/li>\n<li><a href=\"https:\/\/www.culture-numerique.fr\/?p=3078\">\u00ab\u00a0De toutes fa\u00e7ons, ceux qui ne veulent pas s\u2019en saisir la subiront\u00a0\u00bb #EcoleNumerique<\/a> 7 mai 2015<\/li>\n<li><a href=\"https:\/\/www.culture-numerique.fr\/?p=2991\">Mais jusqu'o\u00f9 reculeront-ils ?<\/a> 2 mai 2015<\/li>\n\n\t<\/ul>\n\t<h2 id=\"20154\"><a href=\"https:\/\/www.culture-numerique.fr\/?m=201504\">avril 2015<\/a><\/h2>\n\t<ul class=\"archive-list\">\n\t\t<li><a href=\"https:\/\/www.culture-numerique.fr\/?p=3036\">2015, la grande gal\u00e8re du pionnier du num\u00e9rique \u00e9ducatif<\/a> 24 avril 2015<\/li>\n<li><a href=\"https:\/\/www.culture-numerique.fr\/?p=2995\">Pour lib\u00e9rer la parole des \u00e9l\u00e8ves, offrons-leur un blogue \u00e0 chacun\u00a0!<\/a> 20 avril 2015<\/li>\n<li><a href=\"https:\/\/www.culture-numerique.fr\/?p=2993\">Quand le SIEC continue \u00e0 se tromper de mill\u00e9naire\u2026<\/a> 13 avril 2015<\/li>\n<li><a href=\"https:\/\/www.culture-numerique.fr\/?p=2956\">Engagement num\u00e9rique de l'\u00e9cole\u00a0: quelques bonnes raisons de craindre le pire\u2026<\/a> 6 avril 2015<\/li>\n<li><a href=\"https:\/\/www.culture-numerique.fr\/?p=2942\">La raison et l'\u00e9ducation plut\u00f4t que le m\u00e9pris, la censure technique et la r\u00e9pression<\/a> 1 avril 2015<\/li>\n\n\t<\/ul>\n\t<h2 id=\"20153\"><a href=\"https:\/\/www.culture-numerique.fr\/?m=201503\">mars 2015<\/a><\/h2>\n\t<ul class=\"archive-list\">\n\t\t<li><a href=\"https:\/\/www.culture-numerique.fr\/?p=2922\">Num\u00e9rique et \u00e9cole\u00a0: non, non, tout devrait bien se passer\u2026<\/a> 30 mars 2015<\/li>\n<li><a href=\"https:\/\/www.culture-numerique.fr\/?p=2864\">Semaine de la presse\u00a0: apprendre la libert\u00e9 d'expression ou apprendre comment on s'acharne \u00e0 la limiter ?<\/a> 20 mars 2015<\/li>\n<li><a href=\"https:\/\/www.culture-numerique.fr\/?p=2838\">Plan num\u00e9rique\u00a0: 100 % des \u00e9l\u00e8ves gagnants ont pu tenter leur chance\u2026<\/a> 17 mars 2015<\/li>\n<li><a href=\"https:\/\/www.culture-numerique.fr\/?p=2807\">Tourner autour du pot, esquiver l'essentiel, branler l'accessoire<\/a> 11 mars 2015<\/li>\n<li><a href=\"https:\/\/www.culture-numerique.fr\/?p=2766\">Et si on supprimait les manuels scolaires papier et les photocopieuses ?<\/a> 2 mars 2015<\/li>\n\n\t<\/ul>\n\t<h2 id=\"20152\"><a href=\"https:\/\/www.culture-numerique.fr\/?m=201502\">f&eacute;vrier 2015<\/a><\/h2>\n\t<ul class=\"archive-list\">\n\t\t<li><a href=\"https:\/\/www.culture-numerique.fr\/?p=2723\">Une photographie instantan\u00e9e enthousiaste du num\u00e9rique au premier degr\u00e9<\/a> 27 f\u00e9vrier 2015<\/li>\n<li><a href=\"https:\/\/www.culture-numerique.fr\/?p=2730\">Les 5 bonnes raisons pour ne pas aller sur Internet avec vos \u00e9l\u00e8ves<\/a> 23 f\u00e9vrier 2015<\/li>\n<li><a href=\"https:\/\/www.culture-numerique.fr\/?p=2699\">Socle commun et num\u00e9rique, entre l'absence et l'inculture chronique<\/a> 16 f\u00e9vrier 2015<\/li>\n<li><a href=\"https:\/\/www.culture-numerique.fr\/?p=2682\">Tous acteurs, tous producteurs, tous m\u00e9diateurs\u2026 tous responsables<\/a> 11 f\u00e9vrier 2015<\/li>\n<li><a href=\"https:\/\/www.culture-numerique.fr\/?p=2663\">L'\u00e9quipement ne peut pas \u00eatre un pr\u00e9alable \u00e0 la transformation num\u00e9rique de l'\u00e9cole<\/a> 7 f\u00e9vrier 2015<\/li>\n<li><a href=\"https:\/\/www.culture-numerique.fr\/?p=2622\">Ma petite contribution \u00e0 la concertation sur l'\u00e9cole num\u00e9rique<\/a> 1 f\u00e9vrier 2015<\/li>\n\n\t<\/ul>\n\t<h2 id=\"20151\"><a href=\"https:\/\/www.culture-numerique.fr\/?m=201501\">janvier 2015<\/a><\/h2>\n\t<ul class=\"archive-list\">\n\t\t<li><a href=\"https:\/\/www.culture-numerique.fr\/?p=2591\">L'\u00e9ducation aux m\u00e9dias et \u00e0 l'information est incompatible avec la censure g\u00e9n\u00e9ralis\u00e9e du web<\/a> 30 janvier 2015<\/li>\n<li><a href=\"https:\/\/www.culture-numerique.fr\/?p=2549\">D\u00e9mocratie num\u00e9rique ouverte pour l'\u00e9cole de demain<\/a> 20 janvier 2015<\/li>\n<li><a href=\"https:\/\/www.culture-numerique.fr\/?p=2562\">La libert\u00e9 d'expression doit imp\u00e9rativement s'enseigner<\/a> 7 janvier 2015<\/li>\n<li><a href=\"https:\/\/www.culture-numerique.fr\/?p=2506\">Il y a 20 ans, ils appelaient \u00e7a \u00ab\u00a0septembre sans fin\u00a0\u00bb\u2026<\/a> 4 janvier 2015<\/li>\n<li><a href=\"https:\/\/www.culture-numerique.fr\/?p=2503\">Que 2015 vous soit bonne et belle\u00a0!<\/a> 1 janvier 2015<\/li>\n\n\t<\/ul>\n\t<h2 id=\"201412\"><a href=\"https:\/\/www.culture-numerique.fr\/?m=201412\">d&eacute;cembre 2014<\/a><\/h2>\n\t<ul class=\"archive-list\">\n\t\t<li><a href=\"https:\/\/www.culture-numerique.fr\/?p=2475\">Utile\u00a0: 5 bonnes raisons de ne pas \u00eatre sur Twitter quand on est prof\u2026<\/a> 26 d\u00e9cembre 2014<\/li>\n<li><a href=\"https:\/\/www.culture-numerique.fr\/?p=2417\">\u00c9ducation et num\u00e9rique\u00a0: les premi\u00e8res secousses telluriques\u00a0?<\/a> 21 d\u00e9cembre 2014<\/li>\n<li><a href=\"https:\/\/www.culture-numerique.fr\/?p=2424\">Pourquoi l'\u00e9ducation doit soutenir la Quadrature du Net<\/a> 19 d\u00e9cembre 2014<\/li>\n<li><a href=\"https:\/\/www.culture-numerique.fr\/?p=2358\">Ch. informaticiens pour l'\u00e9cole. Peu s\u00e9rieux s'abstenir.<\/a> 17 d\u00e9cembre 2014<\/li>\n<li><a href=\"https:\/\/www.culture-numerique.fr\/?p=2361\">De retour de Cenon, combattre l'usage pour promouvoir l'engagement<\/a> 15 d\u00e9cembre 2014<\/li>\n<li><a href=\"https:\/\/www.culture-numerique.fr\/?p=2333\">L'\u00e9parpillement fa\u00e7on puzzle des temps scolaires<\/a> 8 d\u00e9cembre 2014<\/li>\n<li><a href=\"https:\/\/www.culture-numerique.fr\/?p=2284\">Qui se plaindra de la fin de l'\u00e9criture cursive\u00a0? Pas moi\u2026<\/a> 2 d\u00e9cembre 2014<\/li>\n<li><a href=\"https:\/\/www.culture-numerique.fr\/?p=2277\">Du confort technico-p\u00e9dagogique num\u00e9rique et de son d\u00e9tournement subreptice<\/a> 1 d\u00e9cembre 2014<\/li>\n\n\t<\/ul>\n\t<h2 id=\"201411\"><a href=\"https:\/\/www.culture-numerique.fr\/?m=201411\">novembre 2014<\/a><\/h2>\n\t<ul class=\"archive-list\">\n\t\t<li><a href=\"https:\/\/www.culture-numerique.fr\/?p=2250\">Oui, bien s\u00fbr, les \u00e9l\u00e8ves vont v\u00e9rifier ce que disent leurs professeurs\u00a0!<\/a> 23 novembre 2014<\/li>\n<li><a href=\"https:\/\/www.culture-numerique.fr\/?p=2205\">Mon plan pour l'\u00e9cole num\u00e9rique connect\u00e9e, saison 1 en 11 \u00e9pisodes<\/a> 21 novembre 2014<\/li>\n<li><a href=\"https:\/\/www.culture-numerique.fr\/?p=2188\">Le num\u00e9rique au service de la p\u00e9dagogie, une affirmation tr\u00e8s maladroite<\/a> 16 novembre 2014<\/li>\n<li><a href=\"https:\/\/www.culture-numerique.fr\/?p=2074\">Un \u00e9ni\u00e8me plan num\u00e9rique pour l'\u00e9cole\u00a0tardif, opaque, illisible et presque surr\u00e9aliste<\/a> 14 novembre 2014<\/li>\n<li><a href=\"https:\/\/www.culture-numerique.fr\/?p=2122\">Le num\u00e9rique \u00e0 l'\u00e9cole, c'est d'abord du lien et de l'humain avant d'\u00eatre de l'outillage ou du codage\u00a0!<\/a> 7 novembre 2014<\/li>\n<li><a href=\"https:\/\/www.culture-numerique.fr\/?p=2077\">L'animation sociale acad\u00e9mique reste toujours bien pauvre, centrale et verticale<\/a> 6 novembre 2014<\/li>\n\n\t<\/ul>\n\t<h2 id=\"201410\"><a href=\"https:\/\/www.culture-numerique.fr\/?m=201410\">octobre 2014<\/a><\/h2>\n\t<ul class=\"archive-list\">\n\t\t<li><a href=\"https:\/\/www.culture-numerique.fr\/?p=2049\">#lannoy29 Le billet que j'aurais aim\u00e9 \u00e9crire... si cela avait \u00e9t\u00e9 vrai<\/a> 27 octobre 2014<\/li>\n<li><a href=\"https:\/\/www.culture-numerique.fr\/?p=1963\">La voix, une technologie d\u2019avenir\u00a0? Peut-\u00eatre ou peut-\u00eatre pas\u2026<\/a> 20 octobre 2014<\/li>\n<li><a href=\"https:\/\/www.culture-numerique.fr\/?p=2010\">Le tr\u00e8s haut d\u00e9bit, la gouvernance, les examens et les programmes d'abord<\/a> 15 octobre 2014<\/li>\n<li><a href=\"https:\/\/www.culture-numerique.fr\/?p=1976\">Petit guide sur les profs \u00e0 l'usage des politiques s\u00e9rieux<\/a> 11 octobre 2014<\/li>\n<li><a href=\"https:\/\/www.culture-numerique.fr\/?p=1901\">Lettre ouverte \u00e0 ceux qui s'autorisent \u00e0 penser\u2026 le num\u00e9rique \u00e9ducatif<\/a> 6 octobre 2014<\/li>\n\n\t<\/ul>\n\t<h2 id=\"20149\"><a href=\"https:\/\/www.culture-numerique.fr\/?m=201409\">septembre 2014<\/a><\/h2>\n\t<ul class=\"archive-list\">\n\t\t<li><a href=\"https:\/\/www.culture-numerique.fr\/?p=1295\">Changeons les examens ou\u2026 imitons la Chine et l\u2019Ouzb\u00e9kistan<\/a> 30 septembre 2014<\/li>\n<li><a href=\"https:\/\/www.culture-numerique.fr\/?p=1844\">Chic\u00a0! Axelle Lemaire vient de comprendre les vrais enjeux du num\u00e9rique \u00e0 l'\u00e9cole<\/a> 27 septembre 2014<\/li>\n<li><a href=\"https:\/\/www.culture-numerique.fr\/?p=1372\">Avec le num\u00e9rique, l'\u00e9cole doit mettre l'accent sur la formation du jeune citoyen<\/a> 23 septembre 2014<\/li>\n<li><a href=\"https:\/\/www.culture-numerique.fr\/?p=1780\">Attendre l'essaimage des bonnes pratiques num\u00e9riques, ne serait-ce pas procrastiner un peu\u00a0?<\/a> 22 septembre 2014<\/li>\n<li><a href=\"https:\/\/www.culture-numerique.fr\/?p=1749\">Inspection p\u00e9dagogique\u00a0: vers l'animation de communaut\u00e9s en ligne\u00a0?<\/a> 16 septembre 2014<\/li>\n<li><a href=\"https:\/\/www.culture-numerique.fr\/?p=1428\">Num\u00e9rique \u00e9ducatif\u00a0: plus d'1\u00a0prof sur 2 n'est pas convaincu\u00a0!<\/a> 9 septembre 2014<\/li>\n<li><a href=\"https:\/\/www.culture-numerique.fr\/?p=1400\">Petite fiche-projet \u00e0 l'attention des proviseurs\u00a0des lyc\u00e9es pour mettre \u00e0 jour les r\u00e8glements int\u00e9rieurs<\/a> 6 septembre 2014<\/li>\n<li><a href=\"https:\/\/www.culture-numerique.fr\/?p=1334\">L'\u00e9ducation aux m\u00e9dias num\u00e9riques, de l'abandon des jeunes \u00e0 Big Brother...<\/a> 5 septembre 2014<\/li>\n\n\t<\/ul>\n\t<h2 id=\"20148\"><a href=\"https:\/\/www.culture-numerique.fr\/?m=201408\">ao&ucirc;t 2014<\/a><\/h2>\n\t<ul class=\"archive-list\">\n\t\t<li><a href=\"https:\/\/www.culture-numerique.fr\/?p=1345\">Je sais la diff\u00e9rence entre un blogueur et un journaliste #ludovia11<\/a> 31 ao\u00fbt 2014<\/li>\n<li><a href=\"https:\/\/www.culture-numerique.fr\/?p=1322\">Il faut y croire\u00a0: l\u2019\u00e9cole num\u00e9rique est en marche\u00a0!<\/a> 21 ao\u00fbt 2014<\/li>\n<li><a href=\"https:\/\/www.culture-numerique.fr\/?p=1250\">Le num\u00e9rique expliqu\u00e9 \u00e0 Suzanne et \u00e0 quelques autres...<\/a> 14 ao\u00fbt 2014<\/li>\n\n\t<\/ul>\n\t<h2 id=\"20147\"><a href=\"https:\/\/www.culture-numerique.fr\/?m=201407\">juillet 2014<\/a><\/h2>\n\t<ul class=\"archive-list\">\n\t\t<li><a href=\"https:\/\/www.culture-numerique.fr\/?p=1248\">Exercer sa libert\u00e9 d'expression, \u00e7a doit s'apprendre aussi \u00e0 l'\u00e9cole<\/a> 27 juillet 2014<\/li>\n<li><a href=\"https:\/\/www.culture-numerique.fr\/?p=1217\">Engagez-vous, rengagez-vous, qu\u2019ils disaient\u00a0!<\/a> 21 juillet 2014<\/li>\n<li><a href=\"https:\/\/www.culture-numerique.fr\/?p=1196\">Ludovia\u00a0: num\u00e9rique et \u00e9ducation, entre consommation et cr\u00e9ation<\/a> 13 juillet 2014<\/li>\n<li><a href=\"https:\/\/www.culture-numerique.fr\/?p=1167\">Programmes de maternelle\u00a0: o\u00f9 est pass\u00e9e la culture num\u00e9rique\u00a0?<\/a> 10 juillet 2014<\/li>\n<li><a href=\"https:\/\/www.culture-numerique.fr\/?p=1153\">Bacheliers, c'\u00e9tait la derni\u00e8re fois que vous avez \u00e9crit \u00e0 la main\u00a0!<\/a> 3 juillet 2014<\/li>\n<li><a href=\"https:\/\/www.culture-numerique.fr\/?p=1021\">Des usages p\u00e9dagogiques des Tice aux pratiques professionnelles num\u00e9riques<\/a> 1 juillet 2014<\/li>\n\n\t<\/ul>\n\t<h2 id=\"20146\"><a href=\"https:\/\/www.culture-numerique.fr\/?m=201406\">juin 2014<\/a><\/h2>\n\t<ul class=\"archive-list\">\n\t\t<li><a href=\"https:\/\/www.culture-numerique.fr\/?p=1046\">\u00ab\u00a0Le num\u00e9rique n\u2019est plus un suppl\u00e9ment d\u2019\u00e2me mais bien une n\u00e9cessit\u00e9 p\u00e9dagogique absolue\u00a0\u00bb<\/a> 26 juin 2014<\/li>\n<li><a href=\"https:\/\/www.culture-numerique.fr\/?p=1084\">En mati\u00e8re de num\u00e9rique \u00e9ducatif, le degr\u00e9 z\u00e9ro de la vision politique est largement partag\u00e9<\/a> 25 juin 2014<\/li>\n<li><a href=\"https:\/\/www.culture-numerique.fr\/?p=1041\">Baccalaur\u00e9at\u00a0: le schisme culturel et l'abandon des jeunes<\/a> 15 juin 2014<\/li>\n<li><a href=\"https:\/\/www.culture-numerique.fr\/?p=1027\">Petite sc\u00e8ne ordinaire de la p\u00e9dagogie num\u00e9rique<\/a> 11 juin 2014<\/li>\n<li><a href=\"https:\/\/www.culture-numerique.fr\/?p=1004\">Une mauvaise nouvelle pour le num\u00e9rique \u00e9ducatif\u00a0?<\/a> 10 juin 2014<\/li>\n<li><a href=\"https:\/\/www.culture-numerique.fr\/?p=995\">Blogosph\u00e8re\u00a0! Blogosph\u00e8re\u00a0! Est-ce que j'ai une gueule de blogosph\u00e8re\u00a0?<\/a> 9 juin 2014<\/li>\n<li><a href=\"https:\/\/www.culture-numerique.fr\/?p=869\">Pour une litt\u00e9ratie num\u00e9rique qui traverse et \u00e9claire les disciplines scolaires<\/a> 1 juin 2014<\/li>\n\n\t<\/ul>\n\t<h2 id=\"20145\"><a href=\"https:\/\/www.culture-numerique.fr\/?m=201405\">mai 2014<\/a><\/h2>\n\t<ul class=\"archive-list\">\n\t\t<li><a href=\"https:\/\/www.culture-numerique.fr\/?p=933\">Chronique de la censure ordinaire en milieu \u00e9ducatif<\/a> 28 mai 2014<\/li>\n<li><a href=\"https:\/\/www.culture-numerique.fr\/?p=922\">Internet et le num\u00e9rique causes de la crise de la repr\u00e9sentation ?<\/a> 26 mai 2014<\/li>\n<li><a href=\"https:\/\/www.culture-numerique.fr\/?p=843\">Socle : tous les \u00e9l\u00e8ves doivent savoir publier<\/a> 13 mai 2014<\/li>\n<li><a href=\"https:\/\/www.culture-numerique.fr\/?p=779\">\u00c9cole num\u00e9rique : en progr\u00e8s mais peut mieux faire...<\/a> 11 mai 2014<\/li>\n<li><a href=\"https:\/\/www.culture-numerique.fr\/?p=712\">Num\u00e9rique : changer radicalement le questionnement<\/a> 6 mai 2014<\/li>\n\n\t<\/ul>\n\t<h2 id=\"20144\"><a href=\"https:\/\/www.culture-numerique.fr\/?m=201404\">avril 2014<\/a><\/h2>\n\t<ul class=\"archive-list\">\n\t\t<li><a href=\"https:\/\/www.culture-numerique.fr\/?p=634\">Bien entendu, on peut sauter sur sa chaise comme un cabri en disant le code\u00a0! le code\u00a0! le code\u00a0!...<\/a> 29 avril 2014<\/li>\n<li><a href=\"https:\/\/www.culture-numerique.fr\/?p=663\">Enfin la l\u00e9gitimit\u00e9 pour la direction du num\u00e9rique \u00e9ducatif<\/a> 27 avril 2014<\/li>\n<li><a href=\"https:\/\/www.culture-numerique.fr\/?p=18\">Anastasie, l'expression de la peur puis la tentation du pouvoir<\/a> 1 avril 2014<\/li>\n\n\t<\/ul>\n\t<h2 id=\"20143\"><a href=\"https:\/\/www.culture-numerique.fr\/?m=201403\">mars 2014<\/a><\/h2>\n\t<ul class=\"archive-list\">\n\t\t<li><a href=\"https:\/\/www.culture-numerique.fr\/?p=8\">Id\u00e9es fausses, troubles et archa\u00efsmes num\u00e9riques<\/a> 30 mars 2014<\/li>\n<li><a href=\"https:\/\/www.culture-numerique.fr\/?p=120\">Imaginer et innover\u2026 ou subir le plagiat et le copier-coller<\/a> 16 mars 2014<\/li>\n<li><a href=\"https:\/\/www.culture-numerique.fr\/?p=127\">Ce que les Tice ont fait de mal au num\u00e9rique<\/a> 7 mars 2014<\/li>\n<li><a href=\"https:\/\/www.culture-numerique.fr\/?p=132\">\u00c9ducation et num\u00e9rique : l\u2019innovation, o\u00f9 \u00e7a\u00a0?<\/a> 4 mars 2014<\/li>\n<li><a href=\"https:\/\/www.culture-numerique.fr\/?p=137\">Num\u00e9rique : quand procrastination rime avec abandon\u2026<\/a> 1 mars 2014<\/li>\n\n\t<\/ul>\n\t<h2 id=\"20142\"><a href=\"https:\/\/www.culture-numerique.fr\/?m=201402\">f&eacute;vrier 2014<\/a><\/h2>\n\t<ul class=\"archive-list\">\n\t\t<li><a href=\"https:\/\/www.culture-numerique.fr\/?p=140\">Num\u00e9rique : la France a peur\u2026<\/a> 28 f\u00e9vrier 2014<\/li>\n<li><a href=\"https:\/\/www.culture-numerique.fr\/?p=147\">Une Direction du num\u00e9rique \u00e9ducatif, certes, mais avec quelle vision ?<\/a> 18 f\u00e9vrier 2014<\/li>\n<li><a href=\"https:\/\/www.culture-numerique.fr\/?p=150\">Un dispositif technique ne peut jamais \u00eatre la seule solution \u00e0 un probl\u00e8me \u00e9ducatif<\/a> 12 f\u00e9vrier 2014<\/li>\n<li><a href=\"https:\/\/www.culture-numerique.fr\/?p=153\">Apprendre \u00e0 exercer sa libert\u00e9 d\u2019expression ou apprendre \u00e0 coder\u00a0?<\/a> 4 f\u00e9vrier 2014<\/li>\n<li><a href=\"https:\/\/www.culture-numerique.fr\/?p=157\">Pour ne pas s\u2019engager, pourquoi ne pas s\u2019attarder \u00e0 observer des usages ?<\/a> 1 f\u00e9vrier 2014<\/li>\n\n\t<\/ul>\n\t<h2 id=\"20141\"><a href=\"https:\/\/www.culture-numerique.fr\/?m=201401\">janvier 2014<\/a><\/h2>\n\t<ul class=\"archive-list\">\n\t\t<li><a href=\"https:\/\/www.culture-numerique.fr\/?p=160\">\u00c9ducation au num\u00e9rique : les vrais dangers d\u2019Internet<\/a> 17 janvier 2014<\/li>\n<li><a href=\"https:\/\/www.culture-numerique.fr\/?p=167\">La petite ritournelle triste de Vincent Peillon<\/a> 12 janvier 2014<\/li>\n<li><a href=\"https:\/\/www.culture-numerique.fr\/?p=176\">Vous avez le droit de ne pas \u00eatre anonyme, tout ce que vous publierez pourra \u00eatre retenu contre eux<\/a> 5 janvier 2014<\/li>\n\n\t<\/ul>\n\t<h2 id=\"201312\"><a href=\"https:\/\/www.culture-numerique.fr\/?m=201312\">d&eacute;cembre 2013<\/a><\/h2>\n\t<ul class=\"archive-list\">\n\t\t<li><a href=\"https:\/\/www.culture-numerique.fr\/?p=181\">Num\u00e9rique : des impressions post-cenonnaises aux navigations \u00e0 venir<\/a> 17 d\u00e9cembre 2013<\/li>\n<li><a href=\"https:\/\/www.culture-numerique.fr\/?p=184\">J\u2019ai honte pour mon \u00e9cole !<\/a> 15 d\u00e9cembre 2013<\/li>\n<li><a href=\"https:\/\/www.culture-numerique.fr\/?p=187\">Mensonges, sexe, MOOC et tablettes tactiles<\/a> 9 d\u00e9cembre 2013<\/li>\n<li><a href=\"https:\/\/www.culture-numerique.fr\/?p=190\">Alain Boissinot : \u00ab\u00a0Il devient \u00e0 la fois possible et n\u00e9cessaire, gr\u00e2ce au num\u00e9rique, d\u2019enseigner autrement\u00a0\u00bb<\/a> 5 d\u00e9cembre 2013<\/li>\n\n\t<\/ul>\n\t<h2 id=\"201311\"><a href=\"https:\/\/www.culture-numerique.fr\/?m=201311\">novembre 2013<\/a><\/h2>\n\t<ul class=\"archive-list\">\n\t\t<li><a href=\"https:\/\/www.culture-numerique.fr\/?p=194\">Enseigner le num\u00e9rique : j\u2019ai chang\u00e9 d\u2019avis<\/a> 29 novembre 2013<\/li>\n<li><a href=\"https:\/\/www.culture-numerique.fr\/?p=197\">Quand la Hadopi veut faire classe\u2026<\/a> 21 novembre 2013<\/li>\n<li><a href=\"https:\/\/www.culture-numerique.fr\/?p=200\">\u00c9ducatice dans la morosit\u00e9 et l\u2019absence d\u2019innovation et de perspectives<\/a> 18 novembre 2013<\/li>\n<li><a href=\"https:\/\/www.culture-numerique.fr\/?p=203\">Les nouvelles liturgies num\u00e9riques<\/a> 7 novembre 2013<\/li>\n<li><a href=\"https:\/\/www.culture-numerique.fr\/?p=206\">Les 55 billets auxquels vous avez \u00e9chapp\u00e9\u2026<\/a> 5 novembre 2013<\/li>\n\n\t<\/ul>\n\t<h2 id=\"201310\"><a href=\"https:\/\/www.culture-numerique.fr\/?m=201310\">octobre 2013<\/a><\/h2>\n\t<ul class=\"archive-list\">\n\t\t<li><a href=\"https:\/\/www.culture-numerique.fr\/?p=213\">Le\u00e7on de morale n\u00b0 1 : je ne divulguerai jamais aucune information personnelle\u2026<\/a> 20 octobre 2013<\/li>\n<li><a href=\"https:\/\/www.culture-numerique.fr\/?p=216\">Publier et collaborer plut\u00f4t que d\u2019utiliser et consommer<\/a> 14 octobre 2013<\/li>\n<li><a href=\"https:\/\/www.culture-numerique.fr\/?p=219\">\u00c9cole et num\u00e9rique : les 5 questions qui f\u00e2chent<\/a> 2 octobre 2013<\/li>\n\n\t<\/ul>\n\t<h2 id=\"20139\"><a href=\"https:\/\/www.culture-numerique.fr\/?m=201309\">septembre 2013<\/a><\/h2>\n\t<ul class=\"archive-list\">\n\t\t<li><a href=\"https:\/\/www.culture-numerique.fr\/?p=222\">Petit floril\u00e8ge d\u2019extraits rigolos (ou pas) de r\u00e8glements int\u00e9rieurs de lyc\u00e9es<\/a> 28 septembre 2013<\/li>\n<li><a href=\"https:\/\/www.culture-numerique.fr\/?p=228\">Le droit \u00e0 l\u2019oubli, un non-sens \u00e9ducatif !<\/a> 24 septembre 2013<\/li>\n<li><a href=\"https:\/\/www.culture-numerique.fr\/?p=231\">Collectivit\u00e9s et \u00e9cole num\u00e9rique : les \u00e9l\u00e8ves en ont plein le dos<\/a> 18 septembre 2013<\/li>\n<li><a href=\"https:\/\/www.culture-numerique.fr\/?p=235\">Chacun doit pouvoir faire des fautes d\u2019orthographe sur Internet\u2026<\/a> 11 septembre 2013<\/li>\n<li><a href=\"https:\/\/www.culture-numerique.fr\/?p=238\">Profs d\u00e9butants : 10 bonnes raisons d\u2019\u00e9chapper au num\u00e9rique<\/a> 7 septembre 2013<\/li>\n<li><a href=\"https:\/\/www.culture-numerique.fr\/?p=241\">Chroniques post-ax\u00e9ennes, \u00e9pisode ultime #ludovia2013<\/a> 2 septembre 2013<\/li>\n\n\t<\/ul>\n\t<h2 id=\"20138\"><a href=\"https:\/\/www.culture-numerique.fr\/?m=201308\">ao&ucirc;t 2013<\/a><\/h2>\n\t<ul class=\"archive-list\">\n\t\t<li><a href=\"https:\/\/www.culture-numerique.fr\/?p=244\">Chroniques ax\u00e9ennes, premier \u00e9pisode #ludovia2013<\/a> 27 ao\u00fbt 2013<\/li>\n<li><a href=\"https:\/\/www.culture-numerique.fr\/?p=247\">Saisir, dicter, publier, traduire, de nouveaux rep\u00e8res pour apprendre ?<\/a> 20 ao\u00fbt 2013<\/li>\n<li><a href=\"https:\/\/www.culture-numerique.fr\/?p=251\">Avoir parfois le courage de renoncer<\/a> 18 ao\u00fbt 2013<\/li>\n\n\t<\/ul>\n\t<h2 id=\"20137\"><a href=\"https:\/\/www.culture-numerique.fr\/?m=201307\">juillet 2013<\/a><\/h2>\n\t<ul class=\"archive-list\">\n\t\t<li><a href=\"https:\/\/www.culture-numerique.fr\/?p=258\">On a offert un appareil photo \u00e0 Zaza<\/a> 28 juillet 2013<\/li>\n<li><a href=\"https:\/\/www.culture-numerique.fr\/?p=276\">La culture ne s\u2019h\u00e9rite pas, elle se conquiert<\/a> 16 juillet 2013<\/li>\n<li><a href=\"https:\/\/www.culture-numerique.fr\/?p=279\">Num\u00e9rique : et si l\u2019\u00e9cole en prenait encore pour 20 ans \u00e0 attendre\u00a0?<\/a> 15 juillet 2013<\/li>\n<li><a href=\"https:\/\/www.culture-numerique.fr\/?p=283\">Enseigner le num\u00e9rique #oupas<\/a> 6 juillet 2013<\/li>\n\n\t<\/ul>\n\t<h2 id=\"20136\"><a href=\"https:\/\/www.culture-numerique.fr\/?m=201306\">juin 2013<\/a><\/h2>\n\t<ul class=\"archive-list\">\n\t\t<li><a href=\"https:\/\/www.culture-numerique.fr\/?p=261\">\u00c9ducation au num\u00e9rique\u00a0: gare aux lobbys obscurantistes !<\/a> 26 juin 2013<\/li>\n<li><a href=\"https:\/\/www.culture-numerique.fr\/?p=264\">Num\u00e9rique \u00e9ducatif : Ubu fait \u00e9cole\u2026<\/a> 21 juin 2013<\/li>\n<li><a href=\"https:\/\/www.culture-numerique.fr\/?p=267\">Une exigence : modifier radicalement le baccalaur\u00e9at<\/a> 20 juin 2013<\/li>\n<li><a href=\"https:\/\/www.culture-numerique.fr\/?p=270\">La fracture num\u00e9rique est au minist\u00e8re\u00a0!<\/a> 12 juin 2013<\/li>\n<li><a href=\"https:\/\/www.culture-numerique.fr\/?p=273\">Le retour des pionniers du num\u00e9rique \u00e9ducatif, saison 3<\/a> 2 juin 2013<\/li>\n\n\t<\/ul>\n\t<h2 id=\"20135\"><a href=\"https:\/\/www.culture-numerique.fr\/?m=201305\">mai 2013<\/a><\/h2>\n\t<ul class=\"archive-list\">\n\t\t<li><a href=\"https:\/\/www.culture-numerique.fr\/?p=286\">Baccalaur\u00e9at : la politique de l\u2019autruche<\/a> 28 mai 2013<\/li>\n<li><a href=\"https:\/\/www.culture-numerique.fr\/?p=290\">Les services des professeurs ne survivront pas au num\u00e9rique<\/a> 25 mai 2013<\/li>\n<li><a href=\"https:\/\/www.culture-numerique.fr\/?p=293\">L\u2019\u00e9ducation aux m\u00e9dias entre dilution et convergences<\/a> 24 mai 2013<\/li>\n<li><a href=\"https:\/\/www.culture-numerique.fr\/?p=296\">L\u2019\u00e9ducation aux m\u00e9dias \u00e0 la sauce Lescure<\/a> 15 mai 2013<\/li>\n<li><a href=\"https:\/\/www.culture-numerique.fr\/?p=299\">Num\u00e9rique : le r\u00eave et l\u2019illusion<\/a> 13 mai 2013<\/li>\n<li><a href=\"https:\/\/www.culture-numerique.fr\/?p=302\">Le tout petit bout de la lorgnette<\/a> 10 mai 2013<\/li>\n\n\t<\/ul>\n\t<h2 id=\"20134\"><a href=\"https:\/\/www.culture-numerique.fr\/?m=201304\">avril 2013<\/a><\/h2>\n\t<ul class=\"archive-list\">\n\t\t<li><a href=\"https:\/\/www.culture-numerique.fr\/?p=305\">Le num\u00e9rique \u00e9ducatif, entre innovation et contraintes (suite et fin)<\/a> 30 avril 2013<\/li>\n<li><a href=\"https:\/\/www.culture-numerique.fr\/?p=310\">Le num\u00e9rique \u00e9ducatif, entre innovation et contraintes<\/a> 25 avril 2013<\/li>\n<li><a href=\"https:\/\/www.culture-numerique.fr\/?p=313\">On conna\u00eet les vrais envahisseurs de l\u2019\u00e9cole !<\/a> 23 avril 2013<\/li>\n<li><a href=\"https:\/\/www.culture-numerique.fr\/?p=316\">Pour une p\u00e9dagogie de l\u2019attention<\/a> 15 avril 2013<\/li>\n<li><a href=\"https:\/\/www.culture-numerique.fr\/?p=320\">Et si on arr\u00eatait avec les Tice, Tic, Tuic, etcsdc*\u00a0?<\/a> 10 avril 2013<\/li>\n<li><a href=\"https:\/\/www.culture-numerique.fr\/?p=323\">Surrection, pilotage et collaboration<\/a> 7 avril 2013<\/li>\n<li><a href=\"https:\/\/www.culture-numerique.fr\/?p=328\">Num\u00e9rique : le bonheur, c\u2019est les autres !<\/a> 1 avril 2013<\/li>\n\n\t<\/ul>\n\t<h2 id=\"20133\"><a href=\"https:\/\/www.culture-numerique.fr\/?m=201303\">mars 2013<\/a><\/h2>\n\t<ul class=\"archive-list\">\n\t\t<li><a href=\"https:\/\/www.culture-numerique.fr\/?p=333\">\u00c9ducation civique et num\u00e9rique : 10 ans de perdus !<\/a> 25 mars 2013<\/li>\n<li><a href=\"https:\/\/www.culture-numerique.fr\/?p=337\">De la transmission \u00e0 l\u2019augmentation des savoirs ?<\/a> 19 mars 2013<\/li>\n<li><a href=\"https:\/\/www.culture-numerique.fr\/?p=340\">Cinq nouvelles id\u00e9es soumises au ministre pour refonder mieux<\/a> 8 mars 2013<\/li>\n<li><a href=\"https:\/\/www.culture-numerique.fr\/?p=343\">Faire du num\u00e9rique une chance pour la jeunesse\u00a0?<\/a> 6 mars 2013<\/li>\n\n\t<\/ul>\n\t<h2 id=\"20132\"><a href=\"https:\/\/www.culture-numerique.fr\/?m=201302\">f&eacute;vrier 2013<\/a><\/h2>\n\t<ul class=\"archive-list\">\n\t\t<li><a href=\"https:\/\/www.culture-numerique.fr\/?p=347\">Il y a des indignations qui se perdent\u2026<\/a> 27 f\u00e9vrier 2013<\/li>\n<li><a href=\"https:\/\/www.culture-numerique.fr\/?p=350\">Innovation et num\u00e9rique : des questions inappropri\u00e9es<\/a> 19 f\u00e9vrier 2013<\/li>\n<li><a href=\"https:\/\/www.culture-numerique.fr\/?p=354\">Ne dirait-on pas que les jeunes, nos enfants, les \u00e9l\u00e8ves, ne sont plus vraiment les m\u00eames\u00a0?<\/a> 15 f\u00e9vrier 2013<\/li>\n<li><a href=\"https:\/\/www.culture-numerique.fr\/?p=357\">Paris et ses ados : les traits grossiers de la caricature et du m\u00e9pris<\/a> 9 f\u00e9vrier 2013<\/li>\n<li><a href=\"https:\/\/www.culture-numerique.fr\/?p=361\">Sortez vos ordiphones !<\/a> 7 f\u00e9vrier 2013<\/li>\n<li><a href=\"https:\/\/www.culture-numerique.fr\/?p=364\">Num\u00e9rique : si c\u2019\u00e9tait \u00e0 refaire\u2026<\/a> 5 f\u00e9vrier 2013<\/li>\n<li><a href=\"https:\/\/www.culture-numerique.fr\/?p=367\">Un chantier prioritaire : former au num\u00e9rique<\/a> 1 f\u00e9vrier 2013<\/li>\n\n\t<\/ul>\n\t<h2 id=\"20131\"><a href=\"https:\/\/www.culture-numerique.fr\/?m=201301\">janvier 2013<\/a><\/h2>\n\t<ul class=\"archive-list\">\n\t\t<li><a href=\"https:\/\/www.culture-numerique.fr\/?p=370\">Informatique et num\u00e9rique : l\u2019entourloupe\u2026<\/a> 25 janvier 2013<\/li>\n<li><a href=\"https:\/\/www.culture-numerique.fr\/?p=375\">\u00c9galit\u00e9 pour l\u2019\u00e9ducation : vers le tr\u00e8s haut d\u00e9bit ?<\/a> 22 janvier 2013<\/li>\n<li><a href=\"https:\/\/www.culture-numerique.fr\/?p=379\">La loi, rien que la loi, et l\u2019\u00e9ducation, toujours l\u2019\u00e9ducation<\/a> 16 janvier 2013<\/li>\n<li><a href=\"https:\/\/www.culture-numerique.fr\/?p=383\">Num\u00e9rique \u00e9ducatif : 5 bonnes id\u00e9es pour le ministre\u2026<\/a> 12 janvier 2013<\/li>\n<li><a href=\"https:\/\/www.culture-numerique.fr\/?p=392\">Id\u00e9es noires : les m\u00eames\u2026 cahin-caha\u2026<\/a> 6 janvier 2013<\/li>\n<li><a href=\"https:\/\/www.culture-numerique.fr\/?p=395\">\u00c9duquer \u00e0 la ma\u00eetrise de l\u2019expression publique\u2026<\/a> 4 janvier 2013<\/li>\n\n\t<\/ul>\n\t<h2 id=\"201212\"><a href=\"https:\/\/www.culture-numerique.fr\/?m=201212\">d&eacute;cembre 2012<\/a><\/h2>\n\t<ul class=\"archive-list\">\n\t\t<li><a href=\"https:\/\/www.culture-numerique.fr\/?p=398\">Si ce n\u2019\u00e9taient pas les f\u00eates\u2026<\/a> 28 d\u00e9cembre 2012<\/li>\n<li><a href=\"https:\/\/www.culture-numerique.fr\/?p=402\">Prenez la parole\u2026 qu\u2019ils disaient !<\/a> 23 d\u00e9cembre 2012<\/li>\n<li><a href=\"https:\/\/www.culture-numerique.fr\/?p=412\">Le mod\u00e8le surann\u00e9 de la corne d\u2019abondance\u2026<\/a> 19 d\u00e9cembre 2012<\/li>\n<li><a href=\"https:\/\/www.culture-numerique.fr\/?p=422\">Strat\u00e9gie num\u00e9rique : de l\u2019espoir mais aussi des chausse-trapes<\/a> 17 d\u00e9cembre 2012<\/li>\n<li><a href=\"https:\/\/www.culture-numerique.fr\/?p=427\">Refondation : une nouvelle ambition pour le num\u00e9rique ?<\/a> 6 d\u00e9cembre 2012<\/li>\n<li><a href=\"https:\/\/www.culture-numerique.fr\/?p=430\">Mais voil\u00e0, \u00e7a, c\u2019\u00e9tait avant\u2026<\/a> 5 d\u00e9cembre 2012<\/li>\n\n\t<\/ul>\n\t<h2 id=\"201211\"><a href=\"https:\/\/www.culture-numerique.fr\/?m=201211\">novembre 2012<\/a><\/h2>\n\t<ul class=\"archive-list\">\n\t\t<li><a href=\"https:\/\/www.culture-numerique.fr\/?p=434\">Que font les adolescents sur Internet ?<\/a> 27 novembre 2012<\/li>\n<li><a href=\"https:\/\/www.culture-numerique.fr\/?p=439\">Les nouvelles technologies comme exutoire<\/a> 26 novembre 2012<\/li>\n<li><a href=\"https:\/\/www.culture-numerique.fr\/?p=443\">\u00c9crans : la synecdoque a bon dos<\/a> 21 novembre 2012<\/li>\n<li><a href=\"https:\/\/www.culture-numerique.fr\/?p=446\">Bon, Coco, tu nous fais un sujet sur les jeunes, hein\u2026<\/a> 17 novembre 2012<\/li>\n<li><a href=\"https:\/\/www.culture-numerique.fr\/?p=451\">La peur dans les yeux<\/a> 14 novembre 2012<\/li>\n<li><a href=\"https:\/\/www.culture-numerique.fr\/?p=458\">Et si on sollicitait enfin l\u2019avis des \u00e9l\u00e8ves ?<\/a> 12 novembre 2012<\/li>\n\n\t<\/ul>\n\t<h2 id=\"201210\"><a href=\"https:\/\/www.culture-numerique.fr\/?m=201210\">octobre 2012<\/a><\/h2>\n\t<ul class=\"archive-list\">\n\t\t<li><a href=\"https:\/\/www.culture-numerique.fr\/?p=461\">L\u2019\u00e9cole, la soci\u00e9t\u00e9, la curiosit\u00e9 et la d\u00e9connexion\u2026<\/a> 31 octobre 2012<\/li>\n<li><a href=\"https:\/\/www.culture-numerique.fr\/?p=468\">S\u00e9curit\u00e9 : taisez-vous, on vous prot\u00e8ge !<\/a> 22 octobre 2012<\/li>\n<li><a href=\"https:\/\/www.culture-numerique.fr\/?p=471\">Num\u00e9rique \u00e9ducatif : un court \u00e9tat des lieux<\/a> 15 octobre 2012<\/li>\n<li><a href=\"https:\/\/www.culture-numerique.fr\/?p=476\">Journaliste, professeur, m\u00eame combat ?<\/a> 12 octobre 2012<\/li>\n<li><a href=\"https:\/\/www.culture-numerique.fr\/?p=478\">Refondation : la grande parade du num\u00e9rique<\/a> 8 octobre 2012<\/li>\n<li><a href=\"https:\/\/www.culture-numerique.fr\/?p=481\">Acad\u00e9miques gazouillis<\/a> 3 octobre 2012<\/li>\n<li><a href=\"https:\/\/www.culture-numerique.fr\/?p=484\">La vraie r\u00e9volution digitale<\/a> 1 octobre 2012<\/li>\n\n\t<\/ul>\n\t<h2 id=\"20129\"><a href=\"https:\/\/www.culture-numerique.fr\/?m=201209\">septembre 2012<\/a><\/h2>\n\t<ul class=\"archive-list\">\n\t\t<li><a href=\"https:\/\/www.culture-numerique.fr\/?p=487\">Sur Internet, personne ne sait que vous \u00eates un cadre<\/a> 22 septembre 2012<\/li>\n<li><a href=\"https:\/\/www.culture-numerique.fr\/?p=490\">Non, l\u2019\u00e9ducation en ligne ne fera pas faire d\u2019\u00e9conomies\u2026<\/a> 18 septembre 2012<\/li>\n<li><a href=\"https:\/\/www.culture-numerique.fr\/?p=492\">Stocker, c\u2019est confisquer<\/a> 13 septembre 2012<\/li>\n<li><a href=\"https:\/\/www.culture-numerique.fr\/?p=494\">Le C2i2e, un certificat inutile<\/a> 11 septembre 2012<\/li>\n<li><a href=\"https:\/\/www.culture-numerique.fr\/?p=497\">Refonder n\u2019est pas dissoudre<\/a> 1 septembre 2012<\/li>\n\n\t<\/ul>\n\t<h2 id=\"20128\"><a href=\"https:\/\/www.culture-numerique.fr\/?m=201208\">ao&ucirc;t 2012<\/a><\/h2>\n\t<ul class=\"archive-list\">\n\t\t<li><a href=\"https:\/\/www.culture-numerique.fr\/?p=501\">Mitic, un concept original d\u2019enseignement du num\u00e9rique\u2026<\/a> 31 ao\u00fbt 2012<\/li>\n<li><a href=\"https:\/\/www.culture-numerique.fr\/?p=505\">L\u2019\u00e9cole dans un monde qui change\u2026<\/a> 26 ao\u00fbt 2012<\/li>\n<li><a href=\"https:\/\/www.culture-numerique.fr\/?p=507\">Zaza va \u00e0 la plage\u2026<\/a> 22 ao\u00fbt 2012<\/li>\n\n\t<\/ul>\n\t<h2 id=\"20127\"><a href=\"https:\/\/www.culture-numerique.fr\/?m=201207\">juillet 2012<\/a><\/h2>\n\t<ul class=\"archive-list\">\n\t\t<li><a href=\"https:\/\/www.culture-numerique.fr\/?p=510\">Lettre ouverte \u00e0 ma 1 743e abonn\u00e9e<\/a> 30 juillet 2012<\/li>\n<li><a href=\"https:\/\/www.culture-numerique.fr\/?p=513\">Des trains qui filent\u2026 et d\u2019autres qui restent en gare\u2026<\/a> 21 juillet 2012<\/li>\n<li><a href=\"https:\/\/www.culture-numerique.fr\/?p=516\">Refondons l\u2019\u00e9cole, qu\u2019ils disaient\u2026<\/a> 8 juillet 2012<\/li>\n<li><a href=\"https:\/\/www.culture-numerique.fr\/?p=519\">Le bon air revivifiant du num\u00e9rique<\/a> 3 juillet 2012<\/li>\n\n\t<\/ul>\n\t<h2 id=\"20126\"><a href=\"https:\/\/www.culture-numerique.fr\/?m=201206\">juin 2012<\/a><\/h2>\n\t<ul class=\"archive-list\">\n\t\t<li><a href=\"https:\/\/www.culture-numerique.fr\/?p=522\">Num\u00e9rique\u00a0: les r\u00e9ponses inappropri\u00e9es de l\u2019\u00e9cole ou de la soci\u00e9t\u00e9<\/a> 29 juin 2012<\/li>\n<li><a href=\"https:\/\/www.culture-numerique.fr\/?p=524\">Des jeunes\u2026 \u00e0 l\u2019\u00e9cole qui change\u2026<\/a> 25 juin 2012<\/li>\n<li><a href=\"https:\/\/www.culture-numerique.fr\/?p=526\">Vous avez dit respect\u00a0?<\/a> 19 juin 2012<\/li>\n<li><a href=\"https:\/\/www.culture-numerique.fr\/?p=529\">Baccalaur\u00e9at : la faute morale de l\u2019institution<\/a> 15 juin 2012<\/li>\n<li><a href=\"https:\/\/www.culture-numerique.fr\/?p=532\">Transgresser la loi pour r\u00e9ussir en classe<\/a> 13 juin 2012<\/li>\n<li><a href=\"https:\/\/www.culture-numerique.fr\/?p=535\">Il faut supprimer les Tice des formations disciplinaires<\/a> 8 juin 2012<\/li>\n<li><a href=\"https:\/\/www.culture-numerique.fr\/?p=537\">Histoire courte (et triste)<\/a> 4 juin 2012<\/li>\n\n\t<\/ul>\n\t<h2 id=\"20125\"><a href=\"https:\/\/www.culture-numerique.fr\/?m=201205\">mai 2012<\/a><\/h2>\n\t<ul class=\"archive-list\">\n\t\t<li><a href=\"https:\/\/www.culture-numerique.fr\/?p=541\">Rythmes scolaires, une question \u00e0 contretemps\u00a0?<\/a> 31 mai 2012<\/li>\n<li><a href=\"https:\/\/www.culture-numerique.fr\/?p=546\">Une culture num\u00e9rique pour l\u2019\u00e9ducation aux m\u00e9dias\u2026<\/a> 30 mai 2012<\/li>\n<li><a href=\"https:\/\/www.culture-numerique.fr\/?p=548\">Ouvrir les yeux sur la censure ordinaire<\/a> 21 mai 2012<\/li>\n<li><a href=\"https:\/\/www.culture-numerique.fr\/?p=551\">Num\u00e9rique\u00a0: ce qu\u2019il va falloir casser pour que \u00e7a avance\u2026<\/a> 19 mai 2012<\/li>\n<li><a href=\"https:\/\/www.culture-numerique.fr\/?p=553\">Mirages et entourloupes sont dans un bateau\u2026<\/a> 16 mai 2012<\/li>\n<li><a href=\"https:\/\/www.culture-numerique.fr\/?p=555\">La grande illusion du tampon institutionnel<\/a> 8 mai 2012<\/li>\n<li><a href=\"https:\/\/www.culture-numerique.fr\/?p=557\">Contenants et contenus num\u00e9riques\u00a0: le faux d\u00e9bat<\/a> 7 mai 2012<\/li>\n\n\t<\/ul>\n\t<h2 id=\"20124\"><a href=\"https:\/\/www.culture-numerique.fr\/?m=201204\">avril 2012<\/a><\/h2>\n\t<ul class=\"archive-list\">\n\t\t<li><a href=\"https:\/\/www.culture-numerique.fr\/?p=560\">Une compr\u00e9hension surann\u00e9e des enjeux du num\u00e9rique \u00e9ducatif<\/a> 18 avril 2012<\/li>\n<li><a href=\"https:\/\/www.culture-numerique.fr\/?p=563\">Un nouveau et enthousiasmant brevet des coll\u00e8ges\u00a0!<\/a> 10 avril 2012<\/li>\n<li><a href=\"https:\/\/www.culture-numerique.fr\/?p=566\">Former des jeunes citoyens acteurs de la soci\u00e9t\u00e9 num\u00e9rique<\/a> 4 avril 2012<\/li>\n\n\t<\/ul>\n\t<h2 id=\"20123\"><a href=\"https:\/\/www.culture-numerique.fr\/?m=201203\">mars 2012<\/a><\/h2>\n\t<ul class=\"archive-list\">\n\t\t<li><a href=\"https:\/\/www.culture-numerique.fr\/?p=568\">De l\u2019informatique, du num\u00e9rique et du bordel ambiant\u2026<\/a> 31 mars 2012<\/li>\n<li><a href=\"https:\/\/www.culture-numerique.fr\/?p=571\">\u00c9duquer aux m\u00e9dias num\u00e9riques\u2026 Mais qui va s\u2019en occuper ?<\/a> 26 mars 2012<\/li>\n<li><a href=\"https:\/\/www.culture-numerique.fr\/?p=577\">Droits des \u00e9l\u00e8ves : un devoir b\u00e2cl\u00e9\u2026<\/a> 20 mars 2012<\/li>\n<li><a href=\"https:\/\/www.culture-numerique.fr\/?p=582\">Les pratiques num\u00e9riques m\u00e9diatiques des jeunes\u2026<\/a> 15 mars 2012<\/li>\n<li><a href=\"https:\/\/www.culture-numerique.fr\/?p=591\">Num\u00e9rique \u00e0 l\u2019\u00e9cole\u2026 Des paroles, paroles, paroles\u2026<\/a> 9 mars 2012<\/li>\n<li><a href=\"https:\/\/www.culture-numerique.fr\/?p=593\">Mes carnets de voyage\u2026<\/a> 1 mars 2012<\/li>\n\n\t<\/ul>\n\t<h2 id=\"20122\"><a href=\"https:\/\/www.culture-numerique.fr\/?m=201202\">f&eacute;vrier 2012<\/a><\/h2>\n\t<ul class=\"archive-list\">\n\t\t<li><a href=\"https:\/\/www.culture-numerique.fr\/?p=595\">Le num\u00e9rique, \u00e7a devrait \u00eatre obligatoire\u00a0!<\/a> 10 f\u00e9vrier 2012<\/li>\n<li><a href=\"https:\/\/www.culture-numerique.fr\/?p=598\">Pousser plus loin les murs de la classe\u2026<\/a> 7 f\u00e9vrier 2012<\/li>\n<li><a href=\"https:\/\/www.culture-numerique.fr\/?p=600\">Il est interdit d\u2019interdire\u2026<\/a> 1 f\u00e9vrier 2012<\/li>\n\n\t<\/ul>\n\t<h2 id=\"20121\"><a href=\"https:\/\/www.culture-numerique.fr\/?m=201201\">janvier 2012<\/a><\/h2>\n\t<ul class=\"archive-list\">\n\t\t<li><a href=\"https:\/\/www.culture-numerique.fr\/?p=116\">Les technologies sont mortes, vive le num\u00e9rique !<\/a> 20 janvier 2012<\/li>\n<li><a href=\"https:\/\/www.culture-numerique.fr\/?p=109\">Convenir de r\u00e8gles d\u2019usage pour acc\u00e9der \u00e0 la citoyennet\u00e9 num\u00e9rique\u2026<\/a> 12 janvier 2012<\/li>\n<li><a href=\"https:\/\/www.culture-numerique.fr\/?p=104\">Pratiques num\u00e9riques m\u00e9diatiques des jeunes, la peur ou la raison\u2026<\/a> 2 janvier 2012<\/li>\n\n\t<\/ul>\n\t<h2 id=\"201112\"><a href=\"https:\/\/www.culture-numerique.fr\/?m=201112\">d&eacute;cembre 2011<\/a><\/h2>\n\t<ul class=\"archive-list\">\n\t\t<li><a href=\"https:\/\/www.culture-numerique.fr\/?p=83\">Internet : quand les Belges nous font la le\u00e7on\u2026<\/a> 23 d\u00e9cembre 2011<\/li>\n<li><a href=\"https:\/\/www.culture-numerique.fr\/?p=78\">Terminaux num\u00e9riques personnels en classe ? Chiche !<\/a> 11 d\u00e9cembre 2011<\/li>\n<li><a href=\"https:\/\/www.culture-numerique.fr\/?p=74\">Engagez-vous, rengagez-vous qu\u2019ils disaient\u2026<\/a> 9 d\u00e9cembre 2011<\/li>\n<li><a href=\"https:\/\/www.culture-numerique.fr\/?p=71\">Les suppos\u00e9s vrais pilotes du num\u00e9rique\u2026<\/a> 2 d\u00e9cembre 2011<\/li>\n\n\t<\/ul>\n\t<h2 id=\"201111\"><a href=\"https:\/\/www.culture-numerique.fr\/?m=201111\">novembre 2011<\/a><\/h2>\n\t<ul class=\"archive-list\">\n\t\t<li><a href=\"https:\/\/www.culture-numerique.fr\/?p=63\">Sans ressources, qu\u2019est-ce qu\u2019il reste du num\u00e9rique\u00a0?<\/a> 25 novembre 2011<\/li>\n<li><a href=\"https:\/\/www.culture-numerique.fr\/?p=59\">La conjonction de deux incultures\u2026 #pnflettres<\/a> 22 novembre 2011<\/li>\n<li><a href=\"https:\/\/www.culture-numerique.fr\/?p=53\">\u00c9cole : la fracture num\u00e9rique n\u2019est pas l\u00e0 o\u00f9 on la croit\u2026<\/a> 12 novembre 2011<\/li>\n<li><a href=\"https:\/\/www.culture-numerique.fr\/?p=50\">Regarde-le quand il t\u2019parle, \u00e9coute-le\u2026<\/a> 1 novembre 2011<\/li>\n\n\t<\/ul>\n\t<h2 id=\"201110\"><a href=\"https:\/\/www.culture-numerique.fr\/?m=201110\">octobre 2011<\/a><\/h2>\n\t<ul class=\"archive-list\">\n\t\t<li><a href=\"https:\/\/www.culture-numerique.fr\/?p=44\">De la peur comme fonds de commerce\u2026<\/a> 30 octobre 2011<\/li>\n<li><a href=\"https:\/\/www.culture-numerique.fr\/?p=39\">De la p\u00e9dagogie\u2026 plus de 50 ans apr\u00e8s Freinet\u2026<\/a> 18 octobre 2011<\/li>\n<li><a href=\"https:\/\/www.culture-numerique.fr\/?p=35\">Consommateur ou pirate, choisir tu devras\u2026<\/a> 8 octobre 2011<\/li>\n<li><a href=\"https:\/\/www.culture-numerique.fr\/?p=31\">Anastasie \u00e0 l\u2019\u00e9cole\u2026<\/a> 5 octobre 2011<\/li>\n<li><a href=\"https:\/\/www.culture-numerique.fr\/?p=26\">\u00c9loge de la m\u00e9diocrit\u00e9\u2026<\/a> 3 octobre 2011<\/li>\n\n\t<\/ul>\n<\/div>\n\n<p>Cr\u00e9dit photo\u00a0: <a href=\"http:\/\/www.flickr.com\/photos\/84077682@N00\/15636258562\">bibliotheque saint genevieve<\/a> via <a href=\"http:\/\/photopin.com\">photopin<\/a> <a href=\"https:\/\/creativecommons.org\/licenses\/by-nc\/2.0\/\">(licence)<\/a><\/p>\n","protected":false},"excerpt":{"rendered":"<p><a href=\"http:\/\/www.culture-numerique.fr\/wp-content\/uploads\/2015\/02\/15636258562_1e588063b5_n.jpg\"><img loading=\"lazy\" decoding=\"async\" class=\"size-full wp-image-2651 alignright\" src=\"http:\/\/www.culture-numerique.fr\/wp-content\/uploads\/2015\/02\/15636258562_1e588063b5_n.jpg\" alt=\"Biblioth\u00e8que\" width=\"240\" height=\"320\" srcset=\"https:\/\/www.culture-numerique.fr\/wp-content\/uploads\/2015\/02\/15636258562_1e588063b5_n.jpg 240w, https:\/\/www.culture-numerique.fr\/wp-content\/uploads\/2015\/02\/15636258562_1e588063b5_n-225x300.jpg 225w, https:\/\/www.culture-numerique.fr\/wp-content\/uploads\/2015\/02\/15636258562_1e588063b5_n-100x133.jpg 100w, https:\/\/www.culture-numerique.fr\/wp-content\/uploads\/2015\/02\/15636258562_1e588063b5_n-150x200.jpg 150w, https:\/\/www.culture-numerique.fr\/wp-content\/uploads\/2015\/02\/15636258562_1e588063b5_n-200x267.jpg 200w\" sizes=\"auto, (max-width: 240px) 100vw, 240px\" \/><\/a><\/p>\n<p>Cr\u00e9dit photo\u00a0: <a href=\"http:\/\/www.flickr.com\/photos\/84077682@N00\/15636258562\">bibliotheque saint genevieve<\/a> via <a href=\"http:\/\/photopin.com\">photopin<\/a> <a href=\"https:\/\/creativecommons.org\/licenses\/by-nc\/2.0\/\">(licence)<\/a><\/p>\n<p><span class=\"ellipsis\">&hellip;<\/span><\/p>\n<div class=\"read-more\"><a href=\"https:\/\/www.culture-numerique.fr\/?page_id=2649\">Lire la suite &#8250;<\/a><\/div>\n<p><!-- end of .read-more --><\/p>\n","protected":false},"author":1,"featured_media":2651,"parent":0,"menu_order":0,"comment_status":"closed","ping_status":"closed","template":"full-width-page.php","meta":{"jetpack_post_was_ever_published":false,"footnotes":""},"class_list":["post-2649","page","type-page","status-publish","has-post-thumbnail","hentry"],"jetpack_sharing_enabled":true,"_links":{"self":[{"href":"https:\/\/www.culture-numerique.fr\/index.php?rest_route=\/wp\/v2\/pages\/2649","targetHints":{"allow":["GET"]}}],"collection":[{"href":"https:\/\/www.culture-numerique.fr\/index.php?rest_route=\/wp\/v2\/pages"}],"about":[{"href":"https:\/\/www.culture-numerique.fr\/index.php?rest_route=\/wp\/v2\/types\/page"}],"author":[{"embeddable":true,"href":"https:\/\/www.culture-numerique.fr\/index.php?rest_route=\/wp\/v2\/users\/1"}],"replies":[{"embeddable":true,"href":"https:\/\/www.culture-numerique.fr\/index.php?rest_route=%2Fwp%2Fv2%2Fcomments&post=2649"}],"version-history":[{"count":10,"href":"https:\/\/www.culture-numerique.fr\/index.php?rest_route=\/wp\/v2\/pages\/2649\/revisions"}],"predecessor-version":[{"id":4454,"href":"https:\/\/www.culture-numerique.fr\/index.php?rest_route=\/wp\/v2\/pages\/2649\/revisions\/4454"}],"wp:featuredmedia":[{"embeddable":true,"href":"https:\/\/www.culture-numerique.fr\/index.php?rest_route=\/wp\/v2\/media\/2651"}],"wp:attachment":[{"href":"https:\/\/www.culture-numerique.fr\/index.php?rest_route=%2Fwp%2Fv2%2Fmedia&parent=2649"}],"curies":[{"name":"wp","href":"https:\/\/api.w.org\/{rel}","templated":true}]}}